{"id":16433,"date":"2021-01-24T18:09:14","date_gmt":"2021-01-24T18:09:14","guid":{"rendered":"https:\/\/www.iplangestion.com\/enginyeria-ambiental-i-energies-renovables\/"},"modified":"2022-06-28T10:09:28","modified_gmt":"2022-06-28T10:09:28","slug":"enginyeria-ambiental-i-energies-renovables","status":"publish","type":"page","link":"https:\/\/iplangestion.com\/ca\/enginyeria-ambiental-i-energies-renovables\/","title":{"rendered":"Enginyeria ambiental i energies renovables"},"content":{"rendered":"<div class=\"wpb-content-wrapper\">[vc_row fullwidth=&#8221;true&#8221;][vc_column][mk_edge_slider first_el=&#8221;true&#8221; swiper_bg=&#8221;#000000&#8243; order=&#8221;ASC&#8221; full_height=&#8221;false&#8221; height=&#8221;550&#8243; animation_effect=&#8221;fade&#8221; animation_speed=&#8221;982&#8243; direction_nav=&#8221;slit&#8221; pagination=&#8221;small_dot_stroke&#8221; skip_arrow=&#8221;false&#8221; visibility=&#8221;hidden-sm&#8221; slides=&#8221;16265, 16266&#8243;][mk_edge_slider first_el=&#8221;true&#8221; swiper_bg=&#8221;#000000&#8243; order=&#8221;ASC&#8221; full_height=&#8221;false&#8221; height=&#8221;250&#8243; animation_effect=&#8221;fade&#8221; animation_speed=&#8221;982&#8243; direction_nav=&#8221;slit&#8221; pagination=&#8221;small_dot_stroke&#8221; skip_arrow=&#8221;false&#8221; visibility=&#8221;visible-sm&#8221; slides=&#8221;17436, 17440&#8243;][\/vc_column][\/vc_row][vc_row fullwidth=&#8221;true&#8221; fullwidth_content=&#8221;false&#8221; equal_columns=&#8221;true&#8221; column_padding=&#8221;3&#8243; animation=&#8221;fade-in&#8221; css=&#8221;.vc_custom_1589817191626{padding-top: 50px !important;padding-bottom: 50px !important;background-color: #f0f0f0 !important;}&#8221;][vc_column css=&#8221;.vc_custom_1589811493131{background-color: #f0f0f0 !important;}&#8221;][mk_fancy_title size=&#8221;20&#8243; font_weight=&#8221;400&#8243; font_style=&#8221;normal&#8221; txt_transform=&#8221;uppercase&#8221; margin_top=&#8221;&#8221; font_family=&#8221;none&#8221; align=&#8221;center&#8221;]ENGINYERIA AMBIENTAL I ENERGIES RENOVABLES[\/mk_fancy_title][vc_column_text align=&#8221;center&#8221; css=&#8221;.vc_custom_1630400804831{margin-bottom: 0px !important;padding-right: 40px !important;padding-left: 40px !important;}&#8221;]Iplan Gesti\u00f3n Integral S.L. compta amb una \u00c0rea de Medi Ambient, format per un equip multidisciplinari de t\u00e8cnics\/t\u00e8cniques qualificats\/qualificades, amb experi\u00e8ncia i les millors tecnologies disponibles per a dur a terme els treballs que se li puguin encarregar tant en fase de projecte com en fase d&#8217;obra.[\/vc_column_text][\/vc_column][\/vc_row][vc_row attached=&#8221;true&#8221;][vc_column width=&#8221;1\/3&#8243;][vc_raw_html]JTNDYSUyMGhyZWYlM0QlMjIlMjNvYnJhJTIyJTNFJTBB[\/vc_raw_html][mk_image_switch src_first=&#8221;https:\/\/www.iplangestion.com\/wp-content\/uploads\/direccio-ambiental-dobra-i-supervisions-1-1.png&#8221; src_second=&#8221;https:\/\/www.iplangestion.com\/wp-content\/uploads\/direccio-ambiental-dobra-i-supervisions-hover.png&#8221; image_width=&#8221;300&#8243; image_height=&#8221;&#8221; align=&#8221;right&#8221; visibility=&#8221;hidden-sm&#8221;][mk_image_switch src_first=&#8221;https:\/\/www.iplangestion.com\/wp-content\/uploads\/direccio-ambiental-dobra-i-supervisions-1-1.png&#8221; src_second=&#8221;https:\/\/www.iplangestion.com\/wp-content\/uploads\/direccio-ambiental-dobra-i-supervisions-hover.png&#8221; image_width=&#8221;300&#8243; image_height=&#8221;&#8221; align=&#8221;center&#8221; visibility=&#8221;visible-sm&#8221;][vc_raw_html]JTNDJTJGYSUzRSUwQQ==[\/vc_raw_html][\/vc_column][vc_column width=&#8221;1\/3&#8243;][vc_raw_html]JTNDYSUyMGhyZWYlM0QlMjIlMjNhbWJpZW50YWwlMjIlM0UlMEE=[\/vc_raw_html][mk_image_switch src_first=&#8221;https:\/\/www.iplangestion.com\/wp-content\/uploads\/consultoria-ambiental-1.png&#8221; src_second=&#8221;https:\/\/www.iplangestion.com\/wp-content\/uploads\/consultoria-ambiental-hover-1.png&#8221; image_width=&#8221;300&#8243; image_height=&#8221;&#8221; align=&#8221;center&#8221;][vc_raw_html]JTNDJTJGYSUzRSUwQQ==[\/vc_raw_html][\/vc_column][vc_column width=&#8221;1\/3&#8243;][vc_raw_html]JTNDYSUyMGhyZWYlM0QlMjIlMjNlbmVyZ2lhJTIyJTNFJTBB[\/vc_raw_html][mk_image_switch src_first=&#8221;https:\/\/www.iplangestion.com\/wp-content\/uploads\/energies-renovables-1.png&#8221; src_second=&#8221;https:\/\/www.iplangestion.com\/wp-content\/uploads\/energies-renovables-hover.png&#8221; image_width=&#8221;300&#8243; image_height=&#8221;&#8221; visibility=&#8221;hidden-sm&#8221;][mk_image_switch src_first=&#8221;https:\/\/www.iplangestion.com\/wp-content\/uploads\/energies-renovables-1.png&#8221; src_second=&#8221;https:\/\/www.plangestion.com\/wp-content\/uploads\/energies-renovables-hover.png&#8221; image_width=&#8221;300&#8243; image_height=&#8221;&#8221; align=&#8221;center&#8221; visibility=&#8221;visible-sm&#8221;][vc_raw_html]JTNDJTJGYSUzRSUwQQ==[\/vc_raw_html][\/vc_column][\/vc_row][vc_row][vc_column][mk_fancy_title size=&#8221;20&#8243; font_weight=&#8221;400&#8243; font_style=&#8221;normal&#8221; txt_transform=&#8221;uppercase&#8221; margin_top=&#8221;50&#8243; font_family=&#8221;none&#8221; align=&#8221;center&#8221;]\n<p style=\"text-align: center;\">Clients que confien en nosaltres<\/p>\n[\/mk_fancy_title][vc_row_inner][vc_column_inner css=&#8221;.vc_custom_1656410962485{margin-right: 10px !important;margin-left: 10px !important;padding-right: 85px !important;padding-left: 85px !important;}&#8221;][mk_clients height=&#8221;155&#8243; clients=&#8221;24172, 24188, 24184, 24090, 24086&#8243;][\/vc_column_inner][\/vc_row_inner][\/vc_column][\/vc_row][vc_row fullwidth=&#8221;true&#8221;][vc_column][mk_padding_divider][mk_fancy_title color=&#8221;#ffffff&#8221; size=&#8221;22&#8243; margin_bottom=&#8221;0&#8243; font_family=&#8221;none&#8221;]\n<p id=\"obra\">.<\/p>\n[\/mk_fancy_title][\/vc_column][\/vc_row][vc_row fullwidth=&#8221;true&#8221; css=&#8221;.vc_custom_1603725307746{background-color: #4e4e4e !important;}&#8221;][vc_column][mk_fancy_title color=&#8221;#ffffff&#8221; size=&#8221;22&#8243; margin_top=&#8221;15&#8243; margin_bottom=&#8221;0&#8243; font_family=&#8221;none&#8221; align=&#8221;center&#8221;]\n<p style=\"text-align: center;\">DIRECCI\u00d3 AMBIENTAL D\u2019OBRA i SUPERVISIONS<\/p>\n[\/mk_fancy_title][\/vc_column][\/vc_row][vc_row][vc_column][mk_padding_divider][vc_column_text css=&#8221;.vc_custom_1630400824103{margin-bottom: 0px !important;}&#8221;]Iplan Gesti\u00f3n Integral S.L. disposa d&#8217;un equip multidisciplinari de t\u00e8cnics\/t\u00e8cniques qualificats\/qualificades, amb experi\u00e8ncia i les millors tecnologies disponibles per dur a terme les seg\u00fcents actuacions en fase d&#8217;execuci\u00f3:<\/p>\n<p>&#8211; Elaboraci\u00f3 i revisi\u00f3 de Programes de vigil\u00e0ncia ambiental d&#8217;obres i Plans de gesti\u00f3 ambiental.<br \/>\n&#8211; Seguiment i supervisi\u00f3 ambiental d&#8217;obres d&#8217;acord amb els est\u00e0ndards requerits pel client.<br \/>\n&#8211; Direccions ambientals d&#8217;obres.<br \/>\n&#8211; Elaboraci\u00f3 d&#8217;informes de seguiment per al client, l&#8217;Administraci\u00f3 o altres organismes que ho requereixin.<br \/>\n&#8211; Seguiment i avaluaci\u00f3 de fauna o vegetaci\u00f3 sensible en fase d&#8217;obres.<br \/>\n&#8211; Supervisi\u00f3 de treballs de tala i poda.<br \/>\n&#8211; Seguiment de Sistemes de Gesti\u00f3 ISO 14001[\/vc_column_text][mk_fancy_title size=&#8221;20&#8243; font_weight=&#8221;400&#8243; font_style=&#8221;normal&#8221; txt_transform=&#8221;uppercase&#8221; margin_top=&#8221;40&#8243; font_family=&#8221;none&#8221; align=&#8221;center&#8221;]Projectes revellants[\/mk_fancy_title][\/vc_column][\/vc_row][vc_row][vc_column][mk_blog style=&#8221;thumbnail&#8221; pagination=&#8221;false&#8221; cat=&#8221;211&#8243;][\/vc_column][\/vc_row][vc_row fullwidth=&#8221;true&#8221;][vc_column][mk_padding_divider][mk_fancy_title color=&#8221;#ffffff&#8221; size=&#8221;22&#8243; margin_bottom=&#8221;0&#8243; font_family=&#8221;none&#8221;]\n<p id=\"ambiental\">.<\/p>\n[\/mk_fancy_title][\/vc_column][\/vc_row][vc_row fullwidth=&#8221;true&#8221; css=&#8221;.vc_custom_1603725307746{background-color: #4e4e4e !important;}&#8221;][vc_column][mk_fancy_title color=&#8221;#ffffff&#8221; size=&#8221;22&#8243; margin_top=&#8221;15&#8243; margin_bottom=&#8221;0&#8243; font_family=&#8221;none&#8221;]\n<p style=\"text-align: center;\">CONSULTORIA AMBIENTAL<\/p>\n[\/mk_fancy_title][\/vc_column][\/vc_row][vc_row][vc_column][mk_padding_divider][vc_column_text css=&#8221;.vc_custom_1630400839986{margin-bottom: 0px !important;}&#8221;]Iplan Gesti\u00f3n Integral S.L. disposa d&#8217;un equip multidisciplinari de t\u00e8cnics\/t\u00e8cniques qualificats\/qualificades, amb experi\u00e8ncia i les millors tecnologies disponibles per dur a terme les seg\u00fcent actuacions en fase de projecte:[\/vc_column_text][vc_row_inner][vc_column_inner][vc_column_text css=&#8221;.vc_custom_1607877313636{margin-bottom: 0px !important;}&#8221;]- Estudis d&#8217;impacte ambiental.<br \/>\n&#8211; Treballs de planificaci\u00f3 territorial i Avaluaci\u00f3 ambiental de plans i programa Estudis d&#8217;impacte i integraci\u00f3 paisatg\u00edstica.<br \/>\n&#8211; Restauraci\u00f3 d&#8217;espais i annexos de mesures correctores.<br \/>\n&#8211; Estudis de gesti\u00f3 de residus de la construcci\u00f3 i demolici\u00f3.<br \/>\n&#8211; Plans de prevenci\u00f3 d&#8217;incendis forestals.<br \/>\n&#8211; Tramitaci\u00f3 de llic\u00e8ncies i autoritzacions ambientals.<br \/>\n&#8211; Estudis de car\u00e0cter ambiental divers adaptats a les necessitats del client[\/vc_column_text][vc_column_text css=&#8221;.vc_custom_1606062395644{margin-bottom: 0px !important;}&#8221;][\/vc_column_text][\/vc_column_inner][\/vc_row_inner][mk_fancy_title size=&#8221;20&#8243; font_weight=&#8221;400&#8243; font_style=&#8221;normal&#8221; txt_transform=&#8221;uppercase&#8221; margin_top=&#8221;40&#8243; font_family=&#8221;none&#8221; align=&#8221;center&#8221;]Projectes revellants[\/mk_fancy_title][\/vc_column][\/vc_row][vc_row][vc_column][mk_blog style=&#8221;thumbnail&#8221; pagination=&#8221;false&#8221; cat=&#8221;213&#8243;][\/vc_column][\/vc_row][vc_row][vc_column][mk_padding_divider][mk_fancy_title color=&#8221;#ffffff&#8221; size=&#8221;22&#8243; margin_bottom=&#8221;0&#8243; font_family=&#8221;none&#8221;]\n<p id=\"energia\">.<\/p>\n[\/mk_fancy_title][\/vc_column][\/vc_row][vc_row fullwidth=&#8221;true&#8221; css=&#8221;.vc_custom_1603725307746{background-color: #4e4e4e !important;}&#8221;][vc_column][mk_fancy_title color=&#8221;#ffffff&#8221; size=&#8221;22&#8243; margin_top=&#8221;15&#8243; margin_bottom=&#8221;0&#8243; font_family=&#8221;none&#8221;]\n<p style=\"text-align: center;\">ENERGIES RENOVABLES<\/p>\n[\/mk_fancy_title][\/vc_column][\/vc_row][vc_row][vc_column][mk_padding_divider][vc_column_text css=&#8221;.vc_custom_1630400856610{margin-bottom: 0px !important;}&#8221;]Iplan Gesti\u00f3n Integral S.L. disposa d&#8217;un equip multidisciplinari de t\u00e8cnics\/t\u00e8cniques qualificats\/qualificades, amb experi\u00e8ncia i les millors tecnologies disponibles per dur a terme les seg\u00fcent actuacions:[\/vc_column_text][vc_row_inner][vc_column_inner][vc_column_text css=&#8221;.vc_custom_1610032047004{margin-bottom: 0px !important;}&#8221;]\n<p>&#8211; Avantprojectes i projectes constructius<\/p>\n<p>&#8211; Documentaci\u00f3 ambiental:<\/p>\n<p style=\"padding-left: 40px;\">&#8211; Estudis d&#8217;alternatives<br \/>\n&#8211; Diagnosi ambiental i territorial<br \/>\n&#8211; Estudis d&#8217;Impacte Ambiental<br \/>\n&#8211; Urban\u00edstica (Pla d&#8217;Actuaci\u00f3 Espec\u00edfica) per a l&#8217;obtenci\u00f3 de l&#8217;autoritzaci\u00f3 administrativa pertinent.<\/p>\n<p>&#8211; Ambientalizaci\u00f3n de edificios, implantaci\u00f3n de energ\u00edas renovables y cambio clim\u00e1tico<\/p>\n[\/vc_column_text][\/vc_column_inner][\/vc_row_inner][mk_fancy_title size=&#8221;20&#8243; font_weight=&#8221;400&#8243; font_style=&#8221;normal&#8221; txt_transform=&#8221;uppercase&#8221; margin_top=&#8221;40&#8243; font_family=&#8221;none&#8221; align=&#8221;center&#8221;]Projectes revellants[\/mk_fancy_title][\/vc_column][\/vc_row][vc_row][vc_column][mk_blog style=&#8221;thumbnail&#8221; post_count=&#8221;3&#8243; pagination=&#8221;false&#8221; cat=&#8221;214&#8243;][\/vc_column][\/vc_row][vc_row][vc_column][mk_padding_divider][\/vc_column][\/vc_row]\n<\/div>","protected":false},"excerpt":{"rendered":"<p>[vc_row fullwidth=&rdquo;true&rdquo;][vc_column][mk_edge_slider first_el=&rdquo;true&rdquo; swiper_bg=&rdquo;#000000&Prime; order=&rdquo;ASC&rdquo; full_height=&rdquo;false&rdquo; height=&rdquo;550&Prime; animation_effect=&rdquo;fade&rdquo; animation_speed=&rdquo;982&Prime; direction_nav=&rdquo;slit&rdquo; pagination=&rdquo;small_dot_stroke&rdquo; skip_arrow=&rdquo;false&rdquo; visibility=&rdquo;hidden-sm&rdquo; slides=&rdquo;16265, 16266&Prime;][mk_edge_slider first_el=&rdquo;true&rdquo; swiper_bg=&rdquo;#000000&Prime; order=&rdquo;ASC&rdquo; full_height=&rdquo;false&rdquo; height=&rdquo;250&Prime; animation_effect=&rdquo;fade&rdquo; animation_speed=&rdquo;982&Prime; direction_nav=&rdquo;slit&rdquo; pagination=&rdquo;small_dot_stroke&rdquo; skip_arrow=&rdquo;false&rdquo; visibility=&rdquo;visible-sm&rdquo; slides=&rdquo;17436, 17440&Prime;][\/vc_column][\/vc_row][vc_row fullwidth=&rdquo;true&rdquo; fullwidth_content=&rdquo;false&rdquo; equal_columns=&rdquo;true&rdquo; column_padding=&rdquo;3&Prime; animation=&rdquo;fade-in&rdquo; css=&rdquo;.vc_custom_1589817191626{padding-top: 50px !important;padding-bottom: 50px !important;background-color: #f0f0f0 !important;}&rdquo;][vc_column css=&rdquo;.vc_custom_1589811493131{background-color: #f0f0f0 !important;}&rdquo;][mk_fancy_title size=&rdquo;20&Prime; font_weight=&rdquo;400&Prime; font_style=&rdquo;normal&rdquo; txt_transform=&rdquo;uppercase&rdquo; margin_top=&rdquo;&rdquo; font_family=&rdquo;none&rdquo; align=&rdquo;center&rdquo;]ENGINYERIA AMBIENTAL I ENERGIES RENOVABLES[\/mk_fancy_title][vc_column_text align=&rdquo;center&rdquo; [&hellip;]<\/p>\n","protected":false},"author":222,"featured_media":0,"parent":0,"menu_order":0,"comment_status":"open","ping_status":"open","template":"","meta":{"footnotes":""},"class_list":["post-16433","page","type-page","status-publish","hentry"],"yoast_head":"<!-- This site is optimized with the Yoast SEO plugin v26.8 - https:\/\/yoast.com\/product\/yoast-seo-wordpress\/ -->\n<title>Enginyeria ambiental i energies renovables - iPlan Gesti\u00f3n Integral S.L.<\/title>\n<meta name=\"robots\" content=\"index, follow, max-snippet:-1, max-image-preview:large, max-video-preview:-1\" \/>\n<link rel=\"canonical\" href=\"https:\/\/iplangestion.com\/ca\/enginyeria-ambiental-i-energies-renovables\/\" \/>\n<meta property=\"og:locale\" content=\"ca_ES\" \/>\n<meta property=\"og:type\" content=\"article\" \/>\n<meta property=\"og:title\" content=\"Enginyeria ambiental i energies renovables - iPlan Gesti\u00f3n Integral S.L.\" \/>\n<meta property=\"og:description\" content=\"[vc_row fullwidth=&rdquo;true&rdquo;][vc_column][mk_edge_slider first_el=&rdquo;true&rdquo; swiper_bg=&rdquo;#000000&Prime; order=&rdquo;ASC&rdquo; full_height=&rdquo;false&rdquo; height=&rdquo;550&Prime; animation_effect=&rdquo;fade&rdquo; animation_speed=&rdquo;982&Prime; direction_nav=&rdquo;slit&rdquo; pagination=&rdquo;small_dot_stroke&rdquo; skip_arrow=&rdquo;false&rdquo; visibility=&rdquo;hidden-sm&rdquo; slides=&rdquo;16265, 16266&Prime;][mk_edge_slider first_el=&rdquo;true&rdquo; swiper_bg=&rdquo;#000000&Prime; order=&rdquo;ASC&rdquo; full_height=&rdquo;false&rdquo; height=&rdquo;250&Prime; animation_effect=&rdquo;fade&rdquo; animation_speed=&rdquo;982&Prime; direction_nav=&rdquo;slit&rdquo; pagination=&rdquo;small_dot_stroke&rdquo; skip_arrow=&rdquo;false&rdquo; visibility=&rdquo;visible-sm&rdquo; slides=&rdquo;17436, 17440&Prime;][\/vc_column][\/vc_row][vc_row fullwidth=&rdquo;true&rdquo; fullwidth_content=&rdquo;false&rdquo; equal_columns=&rdquo;true&rdquo; column_padding=&rdquo;3&Prime; animation=&rdquo;fade-in&rdquo; css=&rdquo;.vc_custom_1589817191626{padding-top: 50px !important;padding-bottom: 50px !important;background-color: #f0f0f0 !important;}&rdquo;][vc_column css=&rdquo;.vc_custom_1589811493131{background-color: #f0f0f0 !important;}&rdquo;][mk_fancy_title size=&rdquo;20&Prime; font_weight=&rdquo;400&Prime; font_style=&rdquo;normal&rdquo; txt_transform=&rdquo;uppercase&rdquo; margin_top=&rdquo;&rdquo; font_family=&rdquo;none&rdquo; align=&rdquo;center&rdquo;]ENGINYERIA AMBIENTAL I ENERGIES RENOVABLES[\/mk_fancy_title][vc_column_text align=&rdquo;center&rdquo; [&hellip;]\" \/>\n<meta property=\"og:url\" content=\"https:\/\/iplangestion.com\/ca\/enginyeria-ambiental-i-energies-renovables\/\" \/>\n<meta property=\"og:site_name\" content=\"iPlan Gesti\u00f3n Integral S.L.\" \/>\n<meta property=\"article:modified_time\" content=\"2022-06-28T10:09:28+00:00\" \/>\n<meta name=\"twitter:card\" content=\"summary_large_image\" \/>\n<meta name=\"twitter:label1\" content=\"Est. reading time\" \/>\n\t<meta name=\"twitter:data1\" content=\"3 minutes\" \/>\n<script type=\"application\/ld+json\" class=\"yoast-schema-graph\">{\"@context\":\"https:\/\/schema.org\",\"@graph\":[{\"@type\":\"WebPage\",\"@id\":\"https:\/\/iplangestion.com\/ca\/enginyeria-ambiental-i-energies-renovables\/\",\"url\":\"https:\/\/iplangestion.com\/ca\/enginyeria-ambiental-i-energies-renovables\/\",\"name\":\"Enginyeria ambiental i energies renovables - iPlan Gesti\u00f3n Integral S.L.\",\"isPartOf\":{\"@id\":\"https:\/\/iplangestion.com\/#website\"},\"datePublished\":\"2021-01-24T18:09:14+00:00\",\"dateModified\":\"2022-06-28T10:09:28+00:00\",\"breadcrumb\":{\"@id\":\"https:\/\/iplangestion.com\/ca\/enginyeria-ambiental-i-energies-renovables\/#breadcrumb\"},\"inLanguage\":\"ca\",\"potentialAction\":[{\"@type\":\"ReadAction\",\"target\":[\"https:\/\/iplangestion.com\/ca\/enginyeria-ambiental-i-energies-renovables\/\"]}]},{\"@type\":\"BreadcrumbList\",\"@id\":\"https:\/\/iplangestion.com\/ca\/enginyeria-ambiental-i-energies-renovables\/#breadcrumb\",\"itemListElement\":[{\"@type\":\"ListItem\",\"position\":1,\"name\":\"Portada\",\"item\":\"https:\/\/iplangestion.com\/ca\/\"},{\"@type\":\"ListItem\",\"position\":2,\"name\":\"Enginyeria ambiental i energies renovables\"}]},{\"@type\":\"WebSite\",\"@id\":\"https:\/\/iplangestion.com\/#website\",\"url\":\"https:\/\/iplangestion.com\/\",\"name\":\"iPlan Gesti\u00f3n Integral S.L.\",\"description\":\"Gesti\u00f3n integral de proyectos\",\"potentialAction\":[{\"@type\":\"SearchAction\",\"target\":{\"@type\":\"EntryPoint\",\"urlTemplate\":\"https:\/\/iplangestion.com\/?s={search_term_string}\"},\"query-input\":{\"@type\":\"PropertyValueSpecification\",\"valueRequired\":true,\"valueName\":\"search_term_string\"}}],\"inLanguage\":\"ca\"}]}<\/script>\n<!-- \/ Yoast SEO plugin. -->","yoast_head_json":{"title":"Enginyeria ambiental i energies renovables - iPlan Gesti\u00f3n Integral S.L.","robots":{"index":"index","follow":"follow","max-snippet":"max-snippet:-1","max-image-preview":"max-image-preview:large","max-video-preview":"max-video-preview:-1"},"canonical":"https:\/\/iplangestion.com\/ca\/enginyeria-ambiental-i-energies-renovables\/","og_locale":"ca_ES","og_type":"article","og_title":"Enginyeria ambiental i energies renovables - iPlan Gesti\u00f3n Integral S.L.","og_description":"[vc_row fullwidth=&rdquo;true&rdquo;][vc_column][mk_edge_slider first_el=&rdquo;true&rdquo; swiper_bg=&rdquo;#000000&Prime; order=&rdquo;ASC&rdquo; full_height=&rdquo;false&rdquo; height=&rdquo;550&Prime; animation_effect=&rdquo;fade&rdquo; animation_speed=&rdquo;982&Prime; direction_nav=&rdquo;slit&rdquo; pagination=&rdquo;small_dot_stroke&rdquo; skip_arrow=&rdquo;false&rdquo; visibility=&rdquo;hidden-sm&rdquo; slides=&rdquo;16265, 16266&Prime;][mk_edge_slider first_el=&rdquo;true&rdquo; swiper_bg=&rdquo;#000000&Prime; order=&rdquo;ASC&rdquo; full_height=&rdquo;false&rdquo; height=&rdquo;250&Prime; animation_effect=&rdquo;fade&rdquo; animation_speed=&rdquo;982&Prime; direction_nav=&rdquo;slit&rdquo; pagination=&rdquo;small_dot_stroke&rdquo; skip_arrow=&rdquo;false&rdquo; visibility=&rdquo;visible-sm&rdquo; slides=&rdquo;17436, 17440&Prime;][\/vc_column][\/vc_row][vc_row fullwidth=&rdquo;true&rdquo; fullwidth_content=&rdquo;false&rdquo; equal_columns=&rdquo;true&rdquo; column_padding=&rdquo;3&Prime; animation=&rdquo;fade-in&rdquo; css=&rdquo;.vc_custom_1589817191626{padding-top: 50px !important;padding-bottom: 50px !important;background-color: #f0f0f0 !important;}&rdquo;][vc_column css=&rdquo;.vc_custom_1589811493131{background-color: #f0f0f0 !important;}&rdquo;][mk_fancy_title size=&rdquo;20&Prime; font_weight=&rdquo;400&Prime; font_style=&rdquo;normal&rdquo; txt_transform=&rdquo;uppercase&rdquo; margin_top=&rdquo;&rdquo; font_family=&rdquo;none&rdquo; align=&rdquo;center&rdquo;]ENGINYERIA AMBIENTAL I ENERGIES RENOVABLES[\/mk_fancy_title][vc_column_text align=&rdquo;center&rdquo; [&hellip;]","og_url":"https:\/\/iplangestion.com\/ca\/enginyeria-ambiental-i-energies-renovables\/","og_site_name":"iPlan Gesti\u00f3n Integral S.L.","article_modified_time":"2022-06-28T10:09:28+00:00","twitter_card":"summary_large_image","twitter_misc":{"Est. reading time":"3 minutes"},"schema":{"@context":"https:\/\/schema.org","@graph":[{"@type":"WebPage","@id":"https:\/\/iplangestion.com\/ca\/enginyeria-ambiental-i-energies-renovables\/","url":"https:\/\/iplangestion.com\/ca\/enginyeria-ambiental-i-energies-renovables\/","name":"Enginyeria ambiental i energies renovables - iPlan Gesti\u00f3n Integral S.L.","isPartOf":{"@id":"https:\/\/iplangestion.com\/#website"},"datePublished":"2021-01-24T18:09:14+00:00","dateModified":"2022-06-28T10:09:28+00:00","breadcrumb":{"@id":"https:\/\/iplangestion.com\/ca\/enginyeria-ambiental-i-energies-renovables\/#breadcrumb"},"inLanguage":"ca","potentialAction":[{"@type":"ReadAction","target":["https:\/\/iplangestion.com\/ca\/enginyeria-ambiental-i-energies-renovables\/"]}]},{"@type":"BreadcrumbList","@id":"https:\/\/iplangestion.com\/ca\/enginyeria-ambiental-i-energies-renovables\/#breadcrumb","itemListElement":[{"@type":"ListItem","position":1,"name":"Portada","item":"https:\/\/iplangestion.com\/ca\/"},{"@type":"ListItem","position":2,"name":"Enginyeria ambiental i energies renovables"}]},{"@type":"WebSite","@id":"https:\/\/iplangestion.com\/#website","url":"https:\/\/iplangestion.com\/","name":"iPlan Gesti\u00f3n Integral S.L.","description":"Gesti\u00f3n integral de proyectos","potentialAction":[{"@type":"SearchAction","target":{"@type":"EntryPoint","urlTemplate":"https:\/\/iplangestion.com\/?s={search_term_string}"},"query-input":{"@type":"PropertyValueSpecification","valueRequired":true,"valueName":"search_term_string"}}],"inLanguage":"ca"}]}},"_links":{"self":[{"href":"https:\/\/iplangestion.com\/ca\/wp-json\/wp\/v2\/pages\/16433","targetHints":{"allow":["GET"]}}],"collection":[{"href":"https:\/\/iplangestion.com\/ca\/wp-json\/wp\/v2\/pages"}],"about":[{"href":"https:\/\/iplangestion.com\/ca\/wp-json\/wp\/v2\/types\/page"}],"author":[{"embeddable":true,"href":"https:\/\/iplangestion.com\/ca\/wp-json\/wp\/v2\/users\/222"}],"replies":[{"embeddable":true,"href":"https:\/\/iplangestion.com\/ca\/wp-json\/wp\/v2\/comments?post=16433"}],"version-history":[{"count":0,"href":"https:\/\/iplangestion.com\/ca\/wp-json\/wp\/v2\/pages\/16433\/revisions"}],"wp:attachment":[{"href":"https:\/\/iplangestion.com\/ca\/wp-json\/wp\/v2\/media?parent=16433"}],"curies":[{"name":"wp","href":"https:\/\/api.w.org\/{rel}","templated":true}]}}